{"id":42809,"date":"2026-08-15T12:02:49","date_gmt":"2026-08-15T10:02:49","guid":{"rendered":"https:\/\/zellamseekaprun.at\/infografias\/"},"modified":"2026-08-15T12:02:49","modified_gmt":"2026-08-15T10:02:49","slug":"infografias","status":"publish","type":"page","link":"https:\/\/zellamseekaprun.at\/es\/infografias\/","title":{"rendered":"Infograf\u00edas"},"content":{"rendered":"\n<p class=\"wp-block-paragraph\">Cada infograf\u00eda resume una de nuestras gu\u00edas completas en una sola vista \u2014 para guardar, compartir y llevar contigo.<\/p>\n\n\n<div class=\"zsk-iggrid__note\"><span class=\"zsk-iggrid__note-i\" aria-hidden=\"true\"><svg viewBox=\"0 0 24 24\" width=\"24\" height=\"24\" fill=\"none\" stroke=\"currentColor\" stroke-width=\"2\" stroke-linecap=\"round\" stroke-linejoin=\"round\"><path d=\"M12 3v12\"\/><path d=\"m7 11 5 5 5-5\"\/><path d=\"M4 20h16\"\/><\/svg><\/span><span class=\"zsk-iggrid__note-x\"><b>Descarga gratuita<\/b>Abre una gu\u00eda y baja hasta el final: all\u00ed te espera la infograf\u00eda en varias vistas \u2014 sin registro, sin correo, solo desc\u00e1rgala.<\/span><\/div><div class=\"zsk-iggrid\"><a class=\"zsk-iggrid__card\" href=\"https:\/\/zellamseekaprun.at\/es\/cosas-que-hacer-en-zell-am-see\/\"><span class=\"zsk-iggrid__shot\"><img fetchpriority=\"high\" width=\"768\" height=\"1152\" src=\"https:\/\/zellamseekaprun.at\/wp-content\/uploads\/2026\/08\/infografik-25-things-zell-am-see-es-hero-768x1152.webp\" class=\"zsk-iggrid__img\" alt=\"25 Mejores Cosas que Hacer en Zell am See \u2014 La Gu\u00eda Completa\" decoding=\"async\" data-pin-nopin=\"true\" loading=\"eager\" fetchpriority=\"high\" srcset=\"https:\/\/zellamseekaprun.at\/wp-content\/uploads\/2026\/08\/infografik-25-things-zell-am-see-es-hero-768x1152.webp 768w, https:\/\/zellamseekaprun.at\/wp-content\/uploads\/2026\/08\/infografik-25-things-zell-am-see-es-hero-200x300.webp 200w, https:\/\/zellamseekaprun.at\/wp-content\/uploads\/2026\/08\/infografik-25-things-zell-am-see-es-hero-683x1024.webp 683w, https:\/\/zellamseekaprun.at\/wp-content\/uploads\/2026\/08\/infografik-25-things-zell-am-see-es-hero.webp 1000w\" sizes=\"(max-width: 768px) 100vw, 768px\" \/><\/span><span class=\"zsk-iggrid__t\">25 Mejores Cosas que Hacer en Zell am See \u2014 La Gu\u00eda Completa<\/span><span class=\"zsk-iggrid__dl\">Descarga al final<\/span><\/a><a class=\"zsk-iggrid__card\" href=\"https:\/\/zellamseekaprun.at\/es\/desfiladero-sigmund-thun-como-llegar\/\"><span class=\"zsk-iggrid__shot\"><img loading=\"lazy\" width=\"768\" height=\"1152\" src=\"https:\/\/zellamseekaprun.at\/wp-content\/uploads\/2026\/08\/infografik-sigmund-thun-klamm-access-es-hero-768x1152.webp\" class=\"zsk-iggrid__img\" alt=\"Desfiladero de Sigmund-Thun: c\u00f3mo llegar, aparcar y cu\u00e1nto se tarda\" decoding=\"async\" data-pin-nopin=\"true\" loading=\"lazy\" srcset=\"https:\/\/zellamseekaprun.at\/wp-content\/uploads\/2026\/08\/infografik-sigmund-thun-klamm-access-es-hero-768x1152.webp 768w, https:\/\/zellamseekaprun.at\/wp-content\/uploads\/2026\/08\/infografik-sigmund-thun-klamm-access-es-hero-200x300.webp 200w, https:\/\/zellamseekaprun.at\/wp-content\/uploads\/2026\/08\/infografik-sigmund-thun-klamm-access-es-hero-683x1024.webp 683w, https:\/\/zellamseekaprun.at\/wp-content\/uploads\/2026\/08\/infografik-sigmund-thun-klamm-access-es-hero.webp 1000w\" sizes=\"(max-width: 768px) 100vw, 768px\" \/><\/span><span class=\"zsk-iggrid__t\">Desfiladero de Sigmund-Thun: c\u00f3mo llegar, aparcar y cu\u00e1nto se tarda<\/span><span class=\"zsk-iggrid__dl\">Descarga al final<\/span><\/a><a class=\"zsk-iggrid__card\" href=\"https:\/\/zellamseekaprun.at\/es\/una-semana-de-verano-en-kaprun\/\"><span class=\"zsk-iggrid__shot\"><img loading=\"lazy\" width=\"768\" height=\"1152\" src=\"https:\/\/zellamseekaprun.at\/wp-content\/uploads\/2026\/08\/infografik-one-week-in-kaprun-es-hero-768x1152.webp\" class=\"zsk-iggrid__img\" alt=\"Una semana de verano en Kaprun: aventuras alpinas y consejos\" decoding=\"async\" data-pin-nopin=\"true\" loading=\"lazy\" srcset=\"https:\/\/zellamseekaprun.at\/wp-content\/uploads\/2026\/08\/infografik-one-week-in-kaprun-es-hero-768x1152.webp 768w, https:\/\/zellamseekaprun.at\/wp-content\/uploads\/2026\/08\/infografik-one-week-in-kaprun-es-hero-200x300.webp 200w, https:\/\/zellamseekaprun.at\/wp-content\/uploads\/2026\/08\/infografik-one-week-in-kaprun-es-hero-683x1024.webp 683w, https:\/\/zellamseekaprun.at\/wp-content\/uploads\/2026\/08\/infografik-one-week-in-kaprun-es-hero.webp 1000w\" sizes=\"(max-width: 768px) 100vw, 768px\" \/><\/span><span class=\"zsk-iggrid__t\">Una semana de verano en Kaprun: aventuras alpinas y consejos<\/span><span class=\"zsk-iggrid__dl\">Descarga al final<\/span><\/a><a class=\"zsk-iggrid__card\" href=\"https:\/\/zellamseekaprun.at\/es\/zell-am-see-verano\/\"><span class=\"zsk-iggrid__shot\"><img loading=\"lazy\" width=\"768\" height=\"1152\" src=\"https:\/\/zellamseekaprun.at\/wp-content\/uploads\/2026\/08\/infografik-zell-am-see-summer-planning-es-hero-768x1152.webp\" class=\"zsk-iggrid__img\" alt=\"Zell am See en verano: la gu\u00eda definitiva 2026\" decoding=\"async\" data-pin-nopin=\"true\" loading=\"lazy\" srcset=\"https:\/\/zellamseekaprun.at\/wp-content\/uploads\/2026\/08\/infografik-zell-am-see-summer-planning-es-hero-768x1152.webp 768w, https:\/\/zellamseekaprun.at\/wp-content\/uploads\/2026\/08\/infografik-zell-am-see-summer-planning-es-hero-200x300.webp 200w, https:\/\/zellamseekaprun.at\/wp-content\/uploads\/2026\/08\/infografik-zell-am-see-summer-planning-es-hero-683x1024.webp 683w, https:\/\/zellamseekaprun.at\/wp-content\/uploads\/2026\/08\/infografik-zell-am-see-summer-planning-es-hero.webp 1000w\" sizes=\"(max-width: 768px) 100vw, 768px\" \/><\/span><span class=\"zsk-iggrid__t\">Zell am See en verano: la gu\u00eda definitiva 2026<\/span><span class=\"zsk-iggrid__dl\">Descarga al final<\/span><\/a><a class=\"zsk-iggrid__card\" href=\"https:\/\/zellamseekaprun.at\/es\/atracciones-en-zell-am-see\/\"><span class=\"zsk-iggrid__shot\"><img loading=\"lazy\" width=\"768\" height=\"1152\" src=\"https:\/\/zellamseekaprun.at\/wp-content\/uploads\/2026\/08\/infografik-10-attractions-zell-am-see-es-hero-768x1152.webp\" class=\"zsk-iggrid__img\" alt=\"Las 10 atracciones m\u00e1s bellas de Zell am See que no te puedes perder\" decoding=\"async\" data-pin-nopin=\"true\" loading=\"lazy\" srcset=\"https:\/\/zellamseekaprun.at\/wp-content\/uploads\/2026\/08\/infografik-10-attractions-zell-am-see-es-hero-768x1152.webp 768w, https:\/\/zellamseekaprun.at\/wp-content\/uploads\/2026\/08\/infografik-10-attractions-zell-am-see-es-hero-200x300.webp 200w, https:\/\/zellamseekaprun.at\/wp-content\/uploads\/2026\/08\/infografik-10-attractions-zell-am-see-es-hero-683x1024.webp 683w, https:\/\/zellamseekaprun.at\/wp-content\/uploads\/2026\/08\/infografik-10-attractions-zell-am-see-es-hero.webp 1000w\" sizes=\"(max-width: 768px) 100vw, 768px\" \/><\/span><span class=\"zsk-iggrid__t\">Las 10 atracciones m\u00e1s bellas de Zell am See que no te puedes perder<\/span><span class=\"zsk-iggrid__dl\">Descarga al final<\/span><\/a><a class=\"zsk-iggrid__card\" href=\"https:\/\/zellamseekaprun.at\/es\/zell-am-see-kaprun-con-ninos\/\"><span class=\"zsk-iggrid__shot\"><img loading=\"lazy\" width=\"768\" height=\"1152\" src=\"https:\/\/zellamseekaprun.at\/wp-content\/uploads\/2026\/08\/infografik-four-days-with-kids-es-hero-768x1152.webp\" class=\"zsk-iggrid__img\" alt=\"Zell am See-Kaprun con ni\u00f1os: ruta de viaje en familia\" decoding=\"async\" data-pin-nopin=\"true\" loading=\"lazy\" srcset=\"https:\/\/zellamseekaprun.at\/wp-content\/uploads\/2026\/08\/infografik-four-days-with-kids-es-hero-768x1152.webp 768w, https:\/\/zellamseekaprun.at\/wp-content\/uploads\/2026\/08\/infografik-four-days-with-kids-es-hero-200x300.webp 200w, https:\/\/zellamseekaprun.at\/wp-content\/uploads\/2026\/08\/infografik-four-days-with-kids-es-hero-683x1024.webp 683w, https:\/\/zellamseekaprun.at\/wp-content\/uploads\/2026\/08\/infografik-four-days-with-kids-es-hero.webp 1000w\" sizes=\"(max-width: 768px) 100vw, 768px\" \/><\/span><span class=\"zsk-iggrid__t\">Zell am See-Kaprun con ni\u00f1os: ruta de viaje en familia<\/span><span class=\"zsk-iggrid__dl\">Descarga al final<\/span><\/a><a class=\"zsk-iggrid__card\" href=\"https:\/\/zellamseekaprun.at\/es\/carretera-alpina-grossglockner\/\"><span class=\"zsk-iggrid__shot\"><img loading=\"lazy\" width=\"768\" height=\"1152\" src=\"https:\/\/zellamseekaprun.at\/wp-content\/uploads\/2026\/08\/infografik-grossglockner-high-alpine-road-es-hero-768x1152.webp\" class=\"zsk-iggrid__img\" alt=\"Carretera alpina del Grossglockner \u2013 Ruta panor\u00e1mica desde Zell am See\" decoding=\"async\" data-pin-nopin=\"true\" loading=\"lazy\" srcset=\"https:\/\/zellamseekaprun.at\/wp-content\/uploads\/2026\/08\/infografik-grossglockner-high-alpine-road-es-hero-768x1152.webp 768w, https:\/\/zellamseekaprun.at\/wp-content\/uploads\/2026\/08\/infografik-grossglockner-high-alpine-road-es-hero-200x300.webp 200w, https:\/\/zellamseekaprun.at\/wp-content\/uploads\/2026\/08\/infografik-grossglockner-high-alpine-road-es-hero-683x1024.webp 683w, https:\/\/zellamseekaprun.at\/wp-content\/uploads\/2026\/08\/infografik-grossglockner-high-alpine-road-es-hero.webp 1000w\" sizes=\"(max-width: 768px) 100vw, 768px\" \/><\/span><span class=\"zsk-iggrid__t\">Carretera alpina del Grossglockner \u2013 Ruta panor\u00e1mica desde Zell am See<\/span><span class=\"zsk-iggrid__dl\">Descarga al final<\/span><\/a><a class=\"zsk-iggrid__card\" href=\"https:\/\/zellamseekaprun.at\/es\/zell-am-see-kaprun-dia-lluvia\/\"><span class=\"zsk-iggrid__shot\"><img loading=\"lazy\" width=\"768\" height=\"1152\" src=\"https:\/\/zellamseekaprun.at\/wp-content\/uploads\/2026\/08\/infografik-rainy-day-zell-am-see-kaprun-es-hero-768x1152.webp\" class=\"zsk-iggrid__img\" alt=\"Zell am See-Kaprun con lluvia: qu\u00e9 hacer en un d\u00eda de lluvia\" decoding=\"async\" data-pin-nopin=\"true\" loading=\"lazy\" srcset=\"https:\/\/zellamseekaprun.at\/wp-content\/uploads\/2026\/08\/infografik-rainy-day-zell-am-see-kaprun-es-hero-768x1152.webp 768w, https:\/\/zellamseekaprun.at\/wp-content\/uploads\/2026\/08\/infografik-rainy-day-zell-am-see-kaprun-es-hero-200x300.webp 200w, https:\/\/zellamseekaprun.at\/wp-content\/uploads\/2026\/08\/infografik-rainy-day-zell-am-see-kaprun-es-hero-683x1024.webp 683w, https:\/\/zellamseekaprun.at\/wp-content\/uploads\/2026\/08\/infografik-rainy-day-zell-am-see-kaprun-es-hero.webp 1000w\" sizes=\"(max-width: 768px) 100vw, 768px\" \/><\/span><span class=\"zsk-iggrid__t\">Zell am See-Kaprun con lluvia: qu\u00e9 hacer en un d\u00eda de lluvia<\/span><span class=\"zsk-iggrid__dl\">Descarga al final<\/span><\/a><a class=\"zsk-iggrid__card\" href=\"https:\/\/zellamseekaprun.at\/es\/desfiladero-sigmund-thun-kaprun\/\"><span class=\"zsk-iggrid__shot\"><img loading=\"lazy\" width=\"768\" height=\"1152\" src=\"https:\/\/zellamseekaprun.at\/wp-content\/uploads\/2026\/08\/infografik-sigmund-thun-klamm-gorge-es-hero-768x1152.webp\" class=\"zsk-iggrid__img\" alt=\"Garganta de Sigmund-Thun en Kaprun \u2013 Senderismo por el desfiladero de agua\" decoding=\"async\" data-pin-nopin=\"true\" loading=\"lazy\" srcset=\"https:\/\/zellamseekaprun.at\/wp-content\/uploads\/2026\/08\/infografik-sigmund-thun-klamm-gorge-es-hero-768x1152.webp 768w, https:\/\/zellamseekaprun.at\/wp-content\/uploads\/2026\/08\/infografik-sigmund-thun-klamm-gorge-es-hero-200x300.webp 200w, https:\/\/zellamseekaprun.at\/wp-content\/uploads\/2026\/08\/infografik-sigmund-thun-klamm-gorge-es-hero-683x1024.webp 683w, https:\/\/zellamseekaprun.at\/wp-content\/uploads\/2026\/08\/infografik-sigmund-thun-klamm-gorge-es-hero.webp 1000w\" sizes=\"(max-width: 768px) 100vw, 768px\" \/><\/span><span class=\"zsk-iggrid__t\">Garganta de Sigmund-Thun en Kaprun \u2013 Senderismo por el desfiladero de agua<\/span><span class=\"zsk-iggrid__dl\">Descarga al final<\/span><\/a><a class=\"zsk-iggrid__card\" href=\"https:\/\/zellamseekaprun.at\/es\/tarjeta-de-verano-zell-am-see-kaprun\/\"><span class=\"zsk-iggrid__shot\"><img loading=\"lazy\" width=\"768\" height=\"1152\" src=\"https:\/\/zellamseekaprun.at\/wp-content\/uploads\/2026\/09\/infografik-sommerkarte-zell-am-see-kaprun-es-hero-v2-768x1152.webp\" class=\"zsk-iggrid__img\" alt=\"Tarjeta de Verano Zell am See-Kaprun\" decoding=\"async\" data-pin-nopin=\"true\" loading=\"lazy\" srcset=\"https:\/\/zellamseekaprun.at\/wp-content\/uploads\/2026\/09\/infografik-sommerkarte-zell-am-see-kaprun-es-hero-v2-768x1152.webp 768w, https:\/\/zellamseekaprun.at\/wp-content\/uploads\/2026\/09\/infografik-sommerkarte-zell-am-see-kaprun-es-hero-v2-200x300.webp 200w, https:\/\/zellamseekaprun.at\/wp-content\/uploads\/2026\/09\/infografik-sommerkarte-zell-am-see-kaprun-es-hero-v2-683x1024.webp 683w, https:\/\/zellamseekaprun.at\/wp-content\/uploads\/2026\/09\/infografik-sommerkarte-zell-am-see-kaprun-es-hero-v2.webp 1000w\" sizes=\"(max-width: 768px) 100vw, 768px\" \/><\/span><span class=\"zsk-iggrid__t\">Tarjeta de Verano Zell am See-Kaprun<\/span><span class=\"zsk-iggrid__dl\">Descarga al final<\/span><\/a><a class=\"zsk-iggrid__card\" href=\"https:\/\/zellamseekaprun.at\/es\/verano-zell-am-see-kaprun\/\"><span class=\"zsk-iggrid__shot\"><img loading=\"lazy\" width=\"768\" height=\"1152\" src=\"https:\/\/zellamseekaprun.at\/wp-content\/uploads\/2026\/08\/infografik-summer-in-zell-am-see-kaprun-es-hero-768x1152.webp\" class=\"zsk-iggrid__img\" alt=\"Verano en Zell am See y Kaprun\" decoding=\"async\" data-pin-nopin=\"true\" loading=\"lazy\" srcset=\"https:\/\/zellamseekaprun.at\/wp-content\/uploads\/2026\/08\/infografik-summer-in-zell-am-see-kaprun-es-hero-768x1152.webp 768w, https:\/\/zellamseekaprun.at\/wp-content\/uploads\/2026\/08\/infografik-summer-in-zell-am-see-kaprun-es-hero-200x300.webp 200w, https:\/\/zellamseekaprun.at\/wp-content\/uploads\/2026\/08\/infografik-summer-in-zell-am-see-kaprun-es-hero-683x1024.webp 683w, https:\/\/zellamseekaprun.at\/wp-content\/uploads\/2026\/08\/infografik-summer-in-zell-am-see-kaprun-es-hero.webp 1000w\" sizes=\"(max-width: 768px) 100vw, 768px\" \/><\/span><span class=\"zsk-iggrid__t\">Verano en Zell am See y Kaprun<\/span><span class=\"zsk-iggrid__dl\">Descarga al final<\/span><\/a><a class=\"zsk-iggrid__card\" href=\"https:\/\/zellamseekaprun.at\/es\/zell-am-see-con-ninos-en-verano\/\"><span class=\"zsk-iggrid__shot\"><img loading=\"lazy\" width=\"768\" height=\"1152\" src=\"https:\/\/zellamseekaprun.at\/wp-content\/uploads\/2026\/08\/infografik-zell-am-see-with-kids-summer-es-hero-768x1152.webp\" class=\"zsk-iggrid__img\" alt=\"Zell am See con ni\u00f1os en verano: 8 aventuras en familia\" decoding=\"async\" data-pin-nopin=\"true\" loading=\"lazy\" srcset=\"https:\/\/zellamseekaprun.at\/wp-content\/uploads\/2026\/08\/infografik-zell-am-see-with-kids-summer-es-hero-768x1152.webp 768w, https:\/\/zellamseekaprun.at\/wp-content\/uploads\/2026\/08\/infografik-zell-am-see-with-kids-summer-es-hero-200x300.webp 200w, https:\/\/zellamseekaprun.at\/wp-content\/uploads\/2026\/08\/infografik-zell-am-see-with-kids-summer-es-hero-683x1024.webp 683w, https:\/\/zellamseekaprun.at\/wp-content\/uploads\/2026\/08\/infografik-zell-am-see-with-kids-summer-es-hero.webp 1000w\" sizes=\"(max-width: 768px) 100vw, 768px\" \/><\/span><span class=\"zsk-iggrid__t\">Zell am See con ni\u00f1os en verano: 8 aventuras en familia<\/span><span class=\"zsk-iggrid__dl\">Descarga al final<\/span><\/a><a class=\"zsk-iggrid__card\" href=\"https:\/\/zellamseekaprun.at\/es\/que-hacer-zell-am-see-invierno\/\"><span class=\"zsk-iggrid__shot\"><img loading=\"lazy\" width=\"768\" height=\"1152\" src=\"https:\/\/zellamseekaprun.at\/wp-content\/uploads\/infografik-winter-activities-zell-am-see-es-hero-768x1152.png\" class=\"zsk-iggrid__img\" alt=\"Diez actividades de invierno en Zell am See y Kaprun, Austria: esqu\u00ed en Schmittenh\u00f6he con 77 km de pistas, esqu\u00ed de glaciar en Kitzsteinhorn sobre Kaprun, senderismo invernal por rutas despejadas con parada en una caba\u00f1a de monta\u00f1a, trineo en la pista natural de K\u00f6hlergraben abierta a diario hasta las 22:00, patinaje sobre hielo en la pista cubierta de Zell am See y sobre hielo natural al aire libre, relax en la piscina infinita de TAUERN SPA con vistas a las monta\u00f1as en Kaprun, esqu\u00ed de fondo en pistas para t\u00e9cnica cl\u00e1sica y patinador, raquetas de nieve por rutas se\u00f1alizadas y excursiones guiadas, un rom\u00e1ntico paseo en trineo tirado por caballos por la nieve, y cocina de monta\u00f1a con Kaiserschmarrn y Kasnocken pinzgauenses.\" decoding=\"async\" data-pin-nopin=\"true\" loading=\"lazy\" srcset=\"https:\/\/zellamseekaprun.at\/wp-content\/uploads\/infografik-winter-activities-zell-am-see-es-hero-768x1152.png 768w, https:\/\/zellamseekaprun.at\/wp-content\/uploads\/infografik-winter-activities-zell-am-see-es-hero-200x300.png 200w, https:\/\/zellamseekaprun.at\/wp-content\/uploads\/infografik-winter-activities-zell-am-see-es-hero-683x1024.png 683w, https:\/\/zellamseekaprun.at\/wp-content\/uploads\/infografik-winter-activities-zell-am-see-es-hero.png 1000w\" sizes=\"(max-width: 768px) 100vw, 768px\" \/><\/span><span class=\"zsk-iggrid__t\">Qu\u00e9 hacer en Zell am See en invierno: 10 actividades imprescindibles<\/span><span class=\"zsk-iggrid__dl\">Descarga al final<\/span><\/a><a class=\"zsk-iggrid__card\" href=\"https:\/\/zellamseekaprun.at\/es\/zell-am-see-en-invierno\/\"><span class=\"zsk-iggrid__shot\"><img loading=\"lazy\" width=\"768\" height=\"1152\" src=\"https:\/\/zellamseekaprun.at\/wp-content\/uploads\/2026\/09\/infografik-zell-am-see-winter-planning-es-hero-768x1152.png\" class=\"zsk-iggrid__img\" alt=\"Planificaci\u00f3n de invierno para Zell am See: tres monta\u00f1as de esqu\u00ed, un glaciar y un lago que solo a veces aguanta el hielo. La regla m\u00e1s importante: empiece planificando el glaciar, porque el Kitzsteinhorn es el \u00fanico glaciar esquiable de Salzburgo y tiene nieve desde octubre hasta la primavera, mientras que las monta\u00f1as del valle Schmittenh\u00f6he y Maiskogel no abren hasta principios de diciembre. La temporada de invierno solo ofrece el glaciar en oto\u00f1o y primavera, con pleno invierno \u2014 las tres monta\u00f1as abiertas \u2014 de diciembre a febrero. 30 tresmiles en el panorama de la Schmittenh\u00f6he, 1 glaciar como \u00fanico glaciar esquiable de Salzburgo, 3 monta\u00f1as de esqu\u00ed (Kitzsteinhorn, Maiskogel, Schmittenh\u00f6he), la estaci\u00f3n de monta\u00f1a del Kitzsteinhorn a 3.029 m y su cumbre a 3.203 m. El glaciar tiene nieve segura desde octubre hasta la primavera. El lago Zeller See solo se congela parcialmente en inviernos fr\u00edos, as\u00ed que patinar no est\u00e1 garantizado. Hay escuelas de esqu\u00ed en las tres monta\u00f1as, y los principiantes empiezan en el Maiskogel o en la Schmittenh\u00f6he.\" decoding=\"async\" data-pin-nopin=\"true\" loading=\"lazy\" srcset=\"https:\/\/zellamseekaprun.at\/wp-content\/uploads\/2026\/09\/infografik-zell-am-see-winter-planning-es-hero-768x1152.png 768w, https:\/\/zellamseekaprun.at\/wp-content\/uploads\/2026\/09\/infografik-zell-am-see-winter-planning-es-hero-200x300.png 200w, https:\/\/zellamseekaprun.at\/wp-content\/uploads\/2026\/09\/infografik-zell-am-see-winter-planning-es-hero-683x1024.png 683w, https:\/\/zellamseekaprun.at\/wp-content\/uploads\/2026\/09\/infografik-zell-am-see-winter-planning-es-hero.png 1000w\" sizes=\"(max-width: 768px) 100vw, 768px\" \/><\/span><span class=\"zsk-iggrid__t\">Zell am See en invierno \u2014 Su gu\u00eda completa del para\u00edso invernal<\/span><span class=\"zsk-iggrid__dl\">Descarga al final<\/span><\/a><a class=\"zsk-iggrid__card\" href=\"https:\/\/zellamseekaprun.at\/es\/mapa-pistas-estacion-zell-am-see-kaprun\/\"><span class=\"zsk-iggrid__shot\"><img loading=\"lazy\" width=\"768\" height=\"1152\" src=\"https:\/\/zellamseekaprun.at\/wp-content\/uploads\/2026\/09\/infografik-ski-area-three-mountains-es-hero-768x1152.png\" class=\"zsk-iggrid__img\" alt=\"Estaci\u00f3n de esqu\u00ed de Zell am See-Kaprun: tres monta\u00f1as con un solo forfait. La Schmittenh\u00f6he es la monta\u00f1a local de Zell am See, con la cima a 1.965 metros, 77 km de pistas (30 azules, 28 rojas, 19 negras) y vistas panor\u00e1micas sobre el lago y los Altos Tauern. El Maiskogel es la monta\u00f1a de familias y principiantes, con su estaci\u00f3n base en pleno centro de Kaprun, a 768 metros. El glaciar del Kitzsteinhorn alcanza los 3.029 metros en la estaci\u00f3n superior y los 3.203 metros en la cima, tiene nieve garantizada y ofrece 5 rutas de freeride, snowparks y la Gipfelwelt 3000. El Maiskogel y el Kitzsteinhorn est\u00e1n unidos por la 3K K-onnection; a la Schmittenh\u00f6he se llega aparte, en autob\u00fas de esqu\u00ed o en coche. La Ski ALPIN CARD cubre las tres monta\u00f1as con un \u00fanico forfait.\" decoding=\"async\" data-pin-nopin=\"true\" loading=\"lazy\" srcset=\"https:\/\/zellamseekaprun.at\/wp-content\/uploads\/2026\/09\/infografik-ski-area-three-mountains-es-hero-768x1152.png 768w, https:\/\/zellamseekaprun.at\/wp-content\/uploads\/2026\/09\/infografik-ski-area-three-mountains-es-hero-200x300.png 200w, https:\/\/zellamseekaprun.at\/wp-content\/uploads\/2026\/09\/infografik-ski-area-three-mountains-es-hero-683x1024.png 683w, https:\/\/zellamseekaprun.at\/wp-content\/uploads\/2026\/09\/infografik-ski-area-three-mountains-es-hero.png 1000w\" sizes=\"(max-width: 768px) 100vw, 768px\" \/><\/span><span class=\"zsk-iggrid__t\">Estaci\u00f3n de esqu\u00ed Zell am See-Kaprun: mapa de pistas y las tres monta\u00f1as<\/span><span class=\"zsk-iggrid__dl\">Descarga al final<\/span><\/a><\/div>\n","protected":false},"excerpt":{"rendered":"<p>Cada infograf\u00eda resume una de nuestras gu\u00edas completas en una sola vista \u2014 para guardar, compartir y llevar contigo.<\/p>\n","protected":false},"author":1,"featured_media":0,"parent":0,"menu_order":0,"comment_status":"closed","ping_status":"closed","template":"","meta":{"_zsk_hscroll":false,"footnotes":""},"class_list":["post-42809","page","type-page","status-publish","hentry"],"_links":{"self":[{"href":"https:\/\/zellamseekaprun.at\/es\/wp-json\/wp\/v2\/pages\/42809","targetHints":{"allow":["GET"]}}],"collection":[{"href":"https:\/\/zellamseekaprun.at\/es\/wp-json\/wp\/v2\/pages"}],"about":[{"href":"https:\/\/zellamseekaprun.at\/es\/wp-json\/wp\/v2\/types\/page"}],"author":[{"embeddable":true,"href":"https:\/\/zellamseekaprun.at\/es\/wp-json\/wp\/v2\/users\/1"}],"replies":[{"embeddable":true,"href":"https:\/\/zellamseekaprun.at\/es\/wp-json\/wp\/v2\/comments?post=42809"}],"version-history":[{"count":0,"href":"https:\/\/zellamseekaprun.at\/es\/wp-json\/wp\/v2\/pages\/42809\/revisions"}],"wp:attachment":[{"href":"https:\/\/zellamseekaprun.at\/es\/wp-json\/wp\/v2\/media?parent=42809"}],"curies":[{"name":"wp","href":"https:\/\/api.w.org\/{rel}","templated":true}]}}