{"id":42810,"date":"2026-08-15T12:02:49","date_gmt":"2026-08-15T10:02:49","guid":{"rendered":"https:\/\/zellamseekaprun.at\/infografiky\/"},"modified":"2026-08-15T12:02:49","modified_gmt":"2026-08-15T10:02:49","slug":"infografiky","status":"publish","type":"page","link":"https:\/\/zellamseekaprun.at\/cs\/infografiky\/","title":{"rendered":"Infografiky"},"content":{"rendered":"\n<p class=\"wp-block-paragraph\">Ka\u017ed\u00e1 infografika shrnuje jednoho z na\u0161ich podrobn\u00fdch pr\u016fvodc\u016f do jedin\u00e9ho pohledu \u2014 na ulo\u017een\u00ed, sd\u00edlen\u00ed a s sebou na cesty.<\/p>\n\n\n<div class=\"zsk-iggrid__note\"><span class=\"zsk-iggrid__note-i\" aria-hidden=\"true\"><svg viewBox=\"0 0 24 24\" width=\"24\" height=\"24\" fill=\"none\" stroke=\"currentColor\" stroke-width=\"2\" stroke-linecap=\"round\" stroke-linejoin=\"round\"><path d=\"M12 3v12\"\/><path d=\"m7 11 5 5 5-5\"\/><path d=\"M4 20h16\"\/><\/svg><\/span><span class=\"zsk-iggrid__note-x\"><b>Zdarma ke sta\u017een\u00ed<\/b>Otev\u0159ete pr\u016fvodce a sje\u010fte \u00fapln\u011b dol\u016f: tam na v\u00e1s \u010dek\u00e1 infografika v n\u011bkolika zobrazen\u00edch \u2014 bez registrace, bez e-mailu, sta\u010d\u00ed st\u00e1hnout.<\/span><\/div><div class=\"zsk-iggrid\"><a class=\"zsk-iggrid__card\" href=\"https:\/\/zellamseekaprun.at\/cs\/aktivity-v-zell-am-see\/\"><span class=\"zsk-iggrid__shot\"><img fetchpriority=\"high\" width=\"768\" height=\"1152\" src=\"https:\/\/zellamseekaprun.at\/wp-content\/uploads\/2026\/08\/infografik-25-things-zell-am-see-cs-hero-768x1152.webp\" class=\"zsk-iggrid__img\" alt=\"25 nejlep\u0161\u00edch aktivit v Zell am See \u2014 Kompletn\u00ed pr\u016fvodce\" decoding=\"async\" data-pin-nopin=\"true\" loading=\"eager\" fetchpriority=\"high\" srcset=\"https:\/\/zellamseekaprun.at\/wp-content\/uploads\/2026\/08\/infografik-25-things-zell-am-see-cs-hero-768x1152.webp 768w, https:\/\/zellamseekaprun.at\/wp-content\/uploads\/2026\/08\/infografik-25-things-zell-am-see-cs-hero-200x300.webp 200w, https:\/\/zellamseekaprun.at\/wp-content\/uploads\/2026\/08\/infografik-25-things-zell-am-see-cs-hero-683x1024.webp 683w, https:\/\/zellamseekaprun.at\/wp-content\/uploads\/2026\/08\/infografik-25-things-zell-am-see-cs-hero.webp 1000w\" sizes=\"(max-width: 768px) 100vw, 768px\" \/><\/span><span class=\"zsk-iggrid__t\">25 nejlep\u0161\u00edch aktivit v Zell am See \u2014 Kompletn\u00ed pr\u016fvodce<\/span><span class=\"zsk-iggrid__dl\">Ke sta\u017een\u00ed na konci<\/span><\/a><a class=\"zsk-iggrid__card\" href=\"https:\/\/zellamseekaprun.at\/cs\/sigmund-thunova-souteska-prijezd-parkovani\/\"><span class=\"zsk-iggrid__shot\"><img loading=\"lazy\" width=\"768\" height=\"1152\" src=\"https:\/\/zellamseekaprun.at\/wp-content\/uploads\/2026\/08\/infografik-sigmund-thun-klamm-access-cs-hero-768x1152.webp\" class=\"zsk-iggrid__img\" alt=\"Sigmund-Thunova sout\u011bska: p\u0159\u00edjezd, parkov\u00e1n\u00ed a doba ch\u016fze\" decoding=\"async\" data-pin-nopin=\"true\" loading=\"lazy\" srcset=\"https:\/\/zellamseekaprun.at\/wp-content\/uploads\/2026\/08\/infografik-sigmund-thun-klamm-access-cs-hero-768x1152.webp 768w, https:\/\/zellamseekaprun.at\/wp-content\/uploads\/2026\/08\/infografik-sigmund-thun-klamm-access-cs-hero-200x300.webp 200w, https:\/\/zellamseekaprun.at\/wp-content\/uploads\/2026\/08\/infografik-sigmund-thun-klamm-access-cs-hero-683x1024.webp 683w, https:\/\/zellamseekaprun.at\/wp-content\/uploads\/2026\/08\/infografik-sigmund-thun-klamm-access-cs-hero.webp 1000w\" sizes=\"(max-width: 768px) 100vw, 768px\" \/><\/span><span class=\"zsk-iggrid__t\">Sigmund-Thunova sout\u011bska: p\u0159\u00edjezd, parkov\u00e1n\u00ed a doba ch\u016fze<\/span><span class=\"zsk-iggrid__dl\">Ke sta\u017een\u00ed na konci<\/span><\/a><a class=\"zsk-iggrid__card\" href=\"https:\/\/zellamseekaprun.at\/cs\/tyden-leta-v-kaprunu\/\"><span class=\"zsk-iggrid__shot\"><img loading=\"lazy\" width=\"768\" height=\"1152\" src=\"https:\/\/zellamseekaprun.at\/wp-content\/uploads\/2026\/08\/infografik-one-week-in-kaprun-cs-hero-768x1152.webp\" class=\"zsk-iggrid__img\" alt=\"T\u00fdden l\u00e9ta v Kaprunu \u2013 alpsk\u00e1 dobrodru\u017estv\u00ed a tipy na v\u00fdlety\" decoding=\"async\" data-pin-nopin=\"true\" loading=\"lazy\" srcset=\"https:\/\/zellamseekaprun.at\/wp-content\/uploads\/2026\/08\/infografik-one-week-in-kaprun-cs-hero-768x1152.webp 768w, https:\/\/zellamseekaprun.at\/wp-content\/uploads\/2026\/08\/infografik-one-week-in-kaprun-cs-hero-200x300.webp 200w, https:\/\/zellamseekaprun.at\/wp-content\/uploads\/2026\/08\/infografik-one-week-in-kaprun-cs-hero-683x1024.webp 683w, https:\/\/zellamseekaprun.at\/wp-content\/uploads\/2026\/08\/infografik-one-week-in-kaprun-cs-hero.webp 1000w\" sizes=\"(max-width: 768px) 100vw, 768px\" \/><\/span><span class=\"zsk-iggrid__t\">T\u00fdden l\u00e9ta v Kaprunu \u2013 alpsk\u00e1 dobrodru\u017estv\u00ed a tipy na v\u00fdlety<\/span><span class=\"zsk-iggrid__dl\">Ke sta\u017een\u00ed na konci<\/span><\/a><a class=\"zsk-iggrid__card\" href=\"https:\/\/zellamseekaprun.at\/cs\/zell-am-see-v-lete-pruvodce\/\"><span class=\"zsk-iggrid__shot\"><img loading=\"lazy\" width=\"768\" height=\"1152\" src=\"https:\/\/zellamseekaprun.at\/wp-content\/uploads\/2026\/08\/infografik-zell-am-see-summer-planning-cs-hero-768x1152.webp\" class=\"zsk-iggrid__img\" alt=\"Zell am See v l\u00e9t\u011b \u2013 dokonal\u00fd pr\u016fvodce 2026\" decoding=\"async\" data-pin-nopin=\"true\" loading=\"lazy\" srcset=\"https:\/\/zellamseekaprun.at\/wp-content\/uploads\/2026\/08\/infografik-zell-am-see-summer-planning-cs-hero-768x1152.webp 768w, https:\/\/zellamseekaprun.at\/wp-content\/uploads\/2026\/08\/infografik-zell-am-see-summer-planning-cs-hero-200x300.webp 200w, https:\/\/zellamseekaprun.at\/wp-content\/uploads\/2026\/08\/infografik-zell-am-see-summer-planning-cs-hero-683x1024.webp 683w, https:\/\/zellamseekaprun.at\/wp-content\/uploads\/2026\/08\/infografik-zell-am-see-summer-planning-cs-hero.webp 1000w\" sizes=\"(max-width: 768px) 100vw, 768px\" \/><\/span><span class=\"zsk-iggrid__t\">Zell am See v l\u00e9t\u011b \u2013 dokonal\u00fd pr\u016fvodce 2026<\/span><span class=\"zsk-iggrid__dl\">Ke sta\u017een\u00ed na konci<\/span><\/a><a class=\"zsk-iggrid__card\" href=\"https:\/\/zellamseekaprun.at\/cs\/pametihodnosti-zell-am-see\/\"><span class=\"zsk-iggrid__shot\"><img loading=\"lazy\" width=\"768\" height=\"1152\" src=\"https:\/\/zellamseekaprun.at\/wp-content\/uploads\/2026\/08\/infografik-10-attractions-zell-am-see-cs-hero-768x1152.webp\" class=\"zsk-iggrid__img\" alt=\"10 nejkr\u00e1sn\u011bj\u0161\u00edch pam\u011btihodnost\u00ed v Zell am See, kter\u00e9 nesm\u00edte vynechat\" decoding=\"async\" data-pin-nopin=\"true\" loading=\"lazy\" srcset=\"https:\/\/zellamseekaprun.at\/wp-content\/uploads\/2026\/08\/infografik-10-attractions-zell-am-see-cs-hero-768x1152.webp 768w, https:\/\/zellamseekaprun.at\/wp-content\/uploads\/2026\/08\/infografik-10-attractions-zell-am-see-cs-hero-200x300.webp 200w, https:\/\/zellamseekaprun.at\/wp-content\/uploads\/2026\/08\/infografik-10-attractions-zell-am-see-cs-hero-683x1024.webp 683w, https:\/\/zellamseekaprun.at\/wp-content\/uploads\/2026\/08\/infografik-10-attractions-zell-am-see-cs-hero.webp 1000w\" sizes=\"(max-width: 768px) 100vw, 768px\" \/><\/span><span class=\"zsk-iggrid__t\">10 nejkr\u00e1sn\u011bj\u0161\u00edch pam\u011btihodnost\u00ed v Zell am See, kter\u00e9 nesm\u00edte vynechat<\/span><span class=\"zsk-iggrid__dl\">Ke sta\u017een\u00ed na konci<\/span><\/a><a class=\"zsk-iggrid__card\" href=\"https:\/\/zellamseekaprun.at\/cs\/zell-am-see-kaprun-s-detmi\/\"><span class=\"zsk-iggrid__shot\"><img loading=\"lazy\" width=\"768\" height=\"1152\" src=\"https:\/\/zellamseekaprun.at\/wp-content\/uploads\/2026\/08\/infografik-four-days-with-kids-cs-hero-768x1152.webp\" class=\"zsk-iggrid__img\" alt=\"Zell am See-Kaprun s d\u011btmi: rodinn\u00e1 cestovn\u00ed trasa\" decoding=\"async\" data-pin-nopin=\"true\" loading=\"lazy\" srcset=\"https:\/\/zellamseekaprun.at\/wp-content\/uploads\/2026\/08\/infografik-four-days-with-kids-cs-hero-768x1152.webp 768w, https:\/\/zellamseekaprun.at\/wp-content\/uploads\/2026\/08\/infografik-four-days-with-kids-cs-hero-200x300.webp 200w, https:\/\/zellamseekaprun.at\/wp-content\/uploads\/2026\/08\/infografik-four-days-with-kids-cs-hero-683x1024.webp 683w, https:\/\/zellamseekaprun.at\/wp-content\/uploads\/2026\/08\/infografik-four-days-with-kids-cs-hero.webp 1000w\" sizes=\"(max-width: 768px) 100vw, 768px\" \/><\/span><span class=\"zsk-iggrid__t\">Zell am See-Kaprun s d\u011btmi: rodinn\u00e1 cestovn\u00ed trasa<\/span><span class=\"zsk-iggrid__dl\">Ke sta\u017een\u00ed na konci<\/span><\/a><a class=\"zsk-iggrid__card\" href=\"https:\/\/zellamseekaprun.at\/cs\/vysokohorska-silnice-grossglockner\/\"><span class=\"zsk-iggrid__shot\"><img loading=\"lazy\" width=\"768\" height=\"1152\" src=\"https:\/\/zellamseekaprun.at\/wp-content\/uploads\/2026\/08\/infografik-grossglockner-high-alpine-road-cs-hero-768x1152.webp\" class=\"zsk-iggrid__img\" alt=\"Vysokohorsk\u00e1 silnice Grossglockner \u2013 panoramatick\u00e1 j\u00edzda ze Zell am See\" decoding=\"async\" data-pin-nopin=\"true\" loading=\"lazy\" srcset=\"https:\/\/zellamseekaprun.at\/wp-content\/uploads\/2026\/08\/infografik-grossglockner-high-alpine-road-cs-hero-768x1152.webp 768w, https:\/\/zellamseekaprun.at\/wp-content\/uploads\/2026\/08\/infografik-grossglockner-high-alpine-road-cs-hero-200x300.webp 200w, https:\/\/zellamseekaprun.at\/wp-content\/uploads\/2026\/08\/infografik-grossglockner-high-alpine-road-cs-hero-683x1024.webp 683w, https:\/\/zellamseekaprun.at\/wp-content\/uploads\/2026\/08\/infografik-grossglockner-high-alpine-road-cs-hero.webp 1000w\" sizes=\"(max-width: 768px) 100vw, 768px\" \/><\/span><span class=\"zsk-iggrid__t\">Vysokohorsk\u00e1 silnice Grossglockner \u2013 panoramatick\u00e1 j\u00edzda ze Zell am See<\/span><span class=\"zsk-iggrid__dl\">Ke sta\u017een\u00ed na konci<\/span><\/a><a class=\"zsk-iggrid__card\" href=\"https:\/\/zellamseekaprun.at\/cs\/zell-am-see-kaprun-spatne-pocasi\/\"><span class=\"zsk-iggrid__shot\"><img loading=\"lazy\" width=\"768\" height=\"1152\" src=\"https:\/\/zellamseekaprun.at\/wp-content\/uploads\/2026\/08\/infografik-rainy-day-zell-am-see-kaprun-cs-hero-768x1152.webp\" class=\"zsk-iggrid__img\" alt=\"Zell am See v de\u0161ti: program pro \u0161patn\u00e9 po\u010das\u00ed v regionu\" decoding=\"async\" data-pin-nopin=\"true\" loading=\"lazy\" srcset=\"https:\/\/zellamseekaprun.at\/wp-content\/uploads\/2026\/08\/infografik-rainy-day-zell-am-see-kaprun-cs-hero-768x1152.webp 768w, https:\/\/zellamseekaprun.at\/wp-content\/uploads\/2026\/08\/infografik-rainy-day-zell-am-see-kaprun-cs-hero-200x300.webp 200w, https:\/\/zellamseekaprun.at\/wp-content\/uploads\/2026\/08\/infografik-rainy-day-zell-am-see-kaprun-cs-hero-683x1024.webp 683w, https:\/\/zellamseekaprun.at\/wp-content\/uploads\/2026\/08\/infografik-rainy-day-zell-am-see-kaprun-cs-hero.webp 1000w\" sizes=\"(max-width: 768px) 100vw, 768px\" \/><\/span><span class=\"zsk-iggrid__t\">Zell am See v de\u0161ti: program pro \u0161patn\u00e9 po\u010das\u00ed v regionu<\/span><span class=\"zsk-iggrid__dl\">Ke sta\u017een\u00ed na konci<\/span><\/a><a class=\"zsk-iggrid__card\" href=\"https:\/\/zellamseekaprun.at\/cs\/sigmund-thun-klamm-kaprun-souteska\/\"><span class=\"zsk-iggrid__shot\"><img loading=\"lazy\" width=\"768\" height=\"1152\" src=\"https:\/\/zellamseekaprun.at\/wp-content\/uploads\/2026\/08\/infografik-sigmund-thun-klamm-gorge-cs-hero-768x1152.webp\" class=\"zsk-iggrid__img\" alt=\"Sout\u011bska Sigmund-Thun-Klamm v Kaprunu \u2013 p\u011b\u0161ky vodn\u00ed roklinou\" decoding=\"async\" data-pin-nopin=\"true\" loading=\"lazy\" srcset=\"https:\/\/zellamseekaprun.at\/wp-content\/uploads\/2026\/08\/infografik-sigmund-thun-klamm-gorge-cs-hero-768x1152.webp 768w, https:\/\/zellamseekaprun.at\/wp-content\/uploads\/2026\/08\/infografik-sigmund-thun-klamm-gorge-cs-hero-200x300.webp 200w, https:\/\/zellamseekaprun.at\/wp-content\/uploads\/2026\/08\/infografik-sigmund-thun-klamm-gorge-cs-hero-683x1024.webp 683w, https:\/\/zellamseekaprun.at\/wp-content\/uploads\/2026\/08\/infografik-sigmund-thun-klamm-gorge-cs-hero.webp 1000w\" sizes=\"(max-width: 768px) 100vw, 768px\" \/><\/span><span class=\"zsk-iggrid__t\">Sout\u011bska Sigmund-Thun-Klamm v Kaprunu \u2013 p\u011b\u0161ky vodn\u00ed roklinou<\/span><span class=\"zsk-iggrid__dl\">Ke sta\u017een\u00ed na konci<\/span><\/a><a class=\"zsk-iggrid__card\" href=\"https:\/\/zellamseekaprun.at\/cs\/sommerkarte-zell-am-see-kaprun\/\"><span class=\"zsk-iggrid__shot\"><img loading=\"lazy\" width=\"768\" height=\"1152\" src=\"https:\/\/zellamseekaprun.at\/wp-content\/uploads\/2026\/09\/infografik-sommerkarte-zell-am-see-kaprun-cs-hero-v2-768x1152.webp\" class=\"zsk-iggrid__img\" alt=\"Sommerkarte Zell am See-Kaprun\" decoding=\"async\" data-pin-nopin=\"true\" loading=\"lazy\" srcset=\"https:\/\/zellamseekaprun.at\/wp-content\/uploads\/2026\/09\/infografik-sommerkarte-zell-am-see-kaprun-cs-hero-v2-768x1152.webp 768w, https:\/\/zellamseekaprun.at\/wp-content\/uploads\/2026\/09\/infografik-sommerkarte-zell-am-see-kaprun-cs-hero-v2-200x300.webp 200w, https:\/\/zellamseekaprun.at\/wp-content\/uploads\/2026\/09\/infografik-sommerkarte-zell-am-see-kaprun-cs-hero-v2-683x1024.webp 683w, https:\/\/zellamseekaprun.at\/wp-content\/uploads\/2026\/09\/infografik-sommerkarte-zell-am-see-kaprun-cs-hero-v2.webp 1000w\" sizes=\"(max-width: 768px) 100vw, 768px\" \/><\/span><span class=\"zsk-iggrid__t\">Sommerkarte Zell am See-Kaprun<\/span><span class=\"zsk-iggrid__dl\">Ke sta\u017een\u00ed na konci<\/span><\/a><a class=\"zsk-iggrid__card\" href=\"https:\/\/zellamseekaprun.at\/cs\/leto-v-zell-am-see-a-kaprunu\/\"><span class=\"zsk-iggrid__shot\"><img loading=\"lazy\" width=\"768\" height=\"1152\" src=\"https:\/\/zellamseekaprun.at\/wp-content\/uploads\/2026\/08\/infografik-summer-in-zell-am-see-kaprun-cs-hero-768x1152.webp\" class=\"zsk-iggrid__img\" alt=\"L\u00e9to v Zell am See a Kaprunu\" decoding=\"async\" data-pin-nopin=\"true\" loading=\"lazy\" srcset=\"https:\/\/zellamseekaprun.at\/wp-content\/uploads\/2026\/08\/infografik-summer-in-zell-am-see-kaprun-cs-hero-768x1152.webp 768w, https:\/\/zellamseekaprun.at\/wp-content\/uploads\/2026\/08\/infografik-summer-in-zell-am-see-kaprun-cs-hero-200x300.webp 200w, https:\/\/zellamseekaprun.at\/wp-content\/uploads\/2026\/08\/infografik-summer-in-zell-am-see-kaprun-cs-hero-683x1024.webp 683w, https:\/\/zellamseekaprun.at\/wp-content\/uploads\/2026\/08\/infografik-summer-in-zell-am-see-kaprun-cs-hero.webp 1000w\" sizes=\"(max-width: 768px) 100vw, 768px\" \/><\/span><span class=\"zsk-iggrid__t\">L\u00e9to v Zell am See a Kaprunu<\/span><span class=\"zsk-iggrid__dl\">Ke sta\u017een\u00ed na konci<\/span><\/a><a class=\"zsk-iggrid__card\" href=\"https:\/\/zellamseekaprun.at\/cs\/zell-am-see-s-detmi-v-lete-8-rodinnych-dobrodruzstvi\/\"><span class=\"zsk-iggrid__shot\"><img loading=\"lazy\" width=\"768\" height=\"1152\" src=\"https:\/\/zellamseekaprun.at\/wp-content\/uploads\/2026\/08\/infografik-zell-am-see-with-kids-summer-cs-hero-768x1152.webp\" class=\"zsk-iggrid__img\" alt=\"Zell am See s d\u011btmi v l\u00e9t\u011b \u2014 8 rodinn\u00fdch dobrodru\u017estv\u00ed\" decoding=\"async\" data-pin-nopin=\"true\" loading=\"lazy\" srcset=\"https:\/\/zellamseekaprun.at\/wp-content\/uploads\/2026\/08\/infografik-zell-am-see-with-kids-summer-cs-hero-768x1152.webp 768w, https:\/\/zellamseekaprun.at\/wp-content\/uploads\/2026\/08\/infografik-zell-am-see-with-kids-summer-cs-hero-200x300.webp 200w, https:\/\/zellamseekaprun.at\/wp-content\/uploads\/2026\/08\/infografik-zell-am-see-with-kids-summer-cs-hero-683x1024.webp 683w, https:\/\/zellamseekaprun.at\/wp-content\/uploads\/2026\/08\/infografik-zell-am-see-with-kids-summer-cs-hero.webp 1000w\" sizes=\"(max-width: 768px) 100vw, 768px\" \/><\/span><span class=\"zsk-iggrid__t\">Zell am See s d\u011btmi v l\u00e9t\u011b \u2014 8 rodinn\u00fdch dobrodru\u017estv\u00ed<\/span><span class=\"zsk-iggrid__dl\">Ke sta\u017een\u00ed na konci<\/span><\/a><a class=\"zsk-iggrid__card\" href=\"https:\/\/zellamseekaprun.at\/cs\/aktivity-zell-am-see-zima\/\"><span class=\"zsk-iggrid__shot\"><img loading=\"lazy\" width=\"768\" height=\"1152\" src=\"https:\/\/zellamseekaprun.at\/wp-content\/uploads\/infografik-winter-activities-zell-am-see-cs-hero-768x1152.png\" class=\"zsk-iggrid__img\" alt=\"Deset zimn\u00edch aktivit v Zell am See a Kaprunu v Rakousku: ly\u017eov\u00e1n\u00ed na Schmittenh\u00f6he se 77 kilometry sjezdovek, ledovcov\u00e9 ly\u017eov\u00e1n\u00ed na Kitzsteinhornu nad Kaprunem, zimn\u00ed turistika po upraven\u00fdch cest\u00e1ch se zast\u00e1vkou v horsk\u00e9 chat\u011b, s\u00e1\u0148kov\u00e1n\u00ed na p\u0159\u00edrodn\u00ed s\u00e1\u0148ka\u0159sk\u00e9 dr\u00e1ze K\u00f6hlergraben otev\u0159en\u00e9 denn\u011b do 22 hodin, bruslen\u00ed na kryt\u00e9 ledov\u00e9 plo\u0161e v Zell am See a na p\u0159\u00edrodn\u00edm ledu venku, odpo\u010dinek v nekone\u010dn\u00e9m baz\u00e9nu l\u00e1zn\u00ed TAUERN SPA s v\u00fdhledem na hory v Kaprunu, b\u011b\u017eky na trat\u00edch pro klasickou techniku i bruslen\u00ed, sn\u011b\u017enicov\u00e1 t\u00fara po zna\u010den\u00fdch tras\u00e1ch a na veden\u00fdch v\u00fdletech, romantick\u00e1 j\u00edzda na ko\u0148sk\u00e9m sp\u0159e\u017een\u00ed sn\u011bhem a horsk\u00e1 kuchyn\u011b s Kaiserschmarrnem a Pinzgauer Kasnocken.\" decoding=\"async\" data-pin-nopin=\"true\" loading=\"lazy\" srcset=\"https:\/\/zellamseekaprun.at\/wp-content\/uploads\/infografik-winter-activities-zell-am-see-cs-hero-768x1152.png 768w, https:\/\/zellamseekaprun.at\/wp-content\/uploads\/infografik-winter-activities-zell-am-see-cs-hero-200x300.png 200w, https:\/\/zellamseekaprun.at\/wp-content\/uploads\/infografik-winter-activities-zell-am-see-cs-hero-683x1024.png 683w, https:\/\/zellamseekaprun.at\/wp-content\/uploads\/infografik-winter-activities-zell-am-see-cs-hero.png 1000w\" sizes=\"(max-width: 768px) 100vw, 768px\" \/><\/span><span class=\"zsk-iggrid__t\">Zell am See v zim\u011b: 10 aktivit, kter\u00e9 si nesm\u00edte nechat uj\u00edt<\/span><span class=\"zsk-iggrid__dl\">Ke sta\u017een\u00ed na konci<\/span><\/a><a class=\"zsk-iggrid__card\" href=\"https:\/\/zellamseekaprun.at\/cs\/zell-am-see-v-zime\/\"><span class=\"zsk-iggrid__shot\"><img loading=\"lazy\" width=\"768\" height=\"1152\" src=\"https:\/\/zellamseekaprun.at\/wp-content\/uploads\/2026\/09\/infografik-zell-am-see-winter-planning-cs-hero-768x1152.png\" class=\"zsk-iggrid__img\" alt=\"Pl\u00e1nov\u00e1n\u00ed zimy v Zell am See: t\u0159i ly\u017ea\u0159sk\u00e9 hory, jeden ledovec a jezero, kter\u00e9 zamrz\u00e1 jen ob\u010das. Nejd\u016fle\u017eit\u011bj\u0161\u00ed pravidlo: nejd\u0159\u00edv po\u010d\u00edtejte s ledovcem, proto\u017ee Kitzsteinhorn je jedin\u00e9 ledovcov\u00e9 ly\u017ea\u0159sk\u00e9 st\u0159edisko v Salcbursku a sn\u00edh tu dr\u017e\u00ed od \u0159\u00edjna do jara, zat\u00edmco \u00fadoln\u00ed hory Schmittenh\u00f6he a Maiskogel otev\u00edraj\u00ed a\u017e za\u010d\u00e1tkem prosince. Zimn\u00ed sez\u00f3na nab\u00edz\u00ed na podzim a na ja\u0159e jen ledovec, vrchol zimy se v\u0161emi t\u0159emi horami trv\u00e1 od prosince do \u00fanora. 30 t\u0159\u00edtis\u00edcovek v panoramatu ze Schmittenh\u00f6he, 1 ledovec jako jedin\u00e9 ledovcov\u00e9 st\u0159edisko v Salcbursku, 3 ly\u017ea\u0159sk\u00e9 hory (Kitzsteinhorn, Maiskogel, Schmittenh\u00f6he), horn\u00ed stanice Kitzsteinhorn ve v\u00fd\u0161ce 3 029 m a vrchol ve v\u00fd\u0161ce 3 203 m. Ledovec m\u00e1 jistotu sn\u011bhu od \u0159\u00edjna do jara. Zellsk\u00e9 jezero v mraziv\u00fdch zim\u00e1ch zamrz\u00e1 jen \u010d\u00e1ste\u010dn\u011b, bruslen\u00ed proto nen\u00ed zaru\u010deno. Ly\u017ea\u0159sk\u00e9 \u0161koly funguj\u00ed na v\u0161ech t\u0159ech hor\u00e1ch, za\u010d\u00e1te\u010dn\u00edci za\u010d\u00ednaj\u00ed na Maiskogelu nebo na Schmittenh\u00f6he.\" decoding=\"async\" data-pin-nopin=\"true\" loading=\"lazy\" srcset=\"https:\/\/zellamseekaprun.at\/wp-content\/uploads\/2026\/09\/infografik-zell-am-see-winter-planning-cs-hero-768x1152.png 768w, https:\/\/zellamseekaprun.at\/wp-content\/uploads\/2026\/09\/infografik-zell-am-see-winter-planning-cs-hero-200x300.png 200w, https:\/\/zellamseekaprun.at\/wp-content\/uploads\/2026\/09\/infografik-zell-am-see-winter-planning-cs-hero-683x1024.png 683w, https:\/\/zellamseekaprun.at\/wp-content\/uploads\/2026\/09\/infografik-zell-am-see-winter-planning-cs-hero.png 1000w\" sizes=\"(max-width: 768px) 100vw, 768px\" \/><\/span><span class=\"zsk-iggrid__t\">Zell am See v zim\u011b \u2014 kompletn\u00ed pr\u016fvodce zimn\u00ed pohodovou kraj\u00ednou<\/span><span class=\"zsk-iggrid__dl\">Ke sta\u017een\u00ed na konci<\/span><\/a><a class=\"zsk-iggrid__card\" href=\"https:\/\/zellamseekaprun.at\/cs\/zell-am-see-v-zime-bez-lyzi\/\"><span class=\"zsk-iggrid__shot\"><img loading=\"lazy\" width=\"768\" height=\"1152\" src=\"https:\/\/zellamseekaprun.at\/wp-content\/uploads\/infografik-winter-without-skiing-cs-hero-768x1152.png\" class=\"zsk-iggrid__img\" alt=\"Deset v\u011bc\u00ed, kter\u00e9 si v Zell am See v zim\u011b u\u017eijete bez ly\u017e\u00ed: sn\u011b\u017enice od horn\u00ed stanice, upraven\u00e9 zimn\u00ed proch\u00e1zkov\u00e9 cesty dostupn\u00e9 lanovkou, ledovec Kitzsteinhorn ve v\u00fd\u0161ce 3 029 metr\u016f, kluzi\u0161t\u011b \u00bbFrozen Daydream\u00ab hned u Congress Centra, proj\u00ed\u017e\u010fky na ko\u0148sk\u00fdch san\u00edch kolem Kaprunu a Piesendorfu, venkovn\u00ed soln\u00fd baz\u00e9n v TAUERN SPA v Kaprunu, adventn\u00ed trh zdarma od konce listopadu, no\u010dn\u00ed s\u00e1\u0148kov\u00e1n\u00ed na dr\u00e1ze K\u00f6hlergraben do 22 hodin, lanovku Schmittenh\u00f6he a\u017e do zhruba 2 000 metr\u016f a ve\u010de\u0159e na horsk\u00fdch chat\u00e1ch pod\u00e9l zimn\u00edch tras, nap\u0159\u00edklad na Sonnkogelu.\" decoding=\"async\" data-pin-nopin=\"true\" loading=\"lazy\" srcset=\"https:\/\/zellamseekaprun.at\/wp-content\/uploads\/infografik-winter-without-skiing-cs-hero-768x1152.png 768w, https:\/\/zellamseekaprun.at\/wp-content\/uploads\/infografik-winter-without-skiing-cs-hero-200x300.png 200w, https:\/\/zellamseekaprun.at\/wp-content\/uploads\/infografik-winter-without-skiing-cs-hero-683x1024.png 683w, https:\/\/zellamseekaprun.at\/wp-content\/uploads\/infografik-winter-without-skiing-cs-hero.png 1000w\" sizes=\"(max-width: 768px) 100vw, 768px\" \/><\/span><span class=\"zsk-iggrid__t\">Zell am See v zim\u011b bez ly\u017e\u00ed \u2014 12 v\u011bc\u00ed, kter\u00e9 m\u016f\u017eete za\u017e\u00edt<\/span><span class=\"zsk-iggrid__dl\">Ke sta\u017een\u00ed na konci<\/span><\/a><a class=\"zsk-iggrid__card\" href=\"https:\/\/zellamseekaprun.at\/cs\/lyzovani-na-ledovci-rakousko-kitzsteinhorn\/\"><span class=\"zsk-iggrid__shot\"><img loading=\"lazy\" width=\"768\" height=\"1152\" src=\"https:\/\/zellamseekaprun.at\/wp-content\/uploads\/2026\/09\/infografik-glacier-skiing-kitzsteinhorn-cs-hero-768x1152.png\" class=\"zsk-iggrid__img\" alt=\"Infografika o ly\u017eov\u00e1n\u00ed na ledovci na Kitzsteinhornu v Kaprunu: z Kaprunu na horn\u00ed stanici je to \u0161est lanovek a 2 261 v\u00fd\u0161kov\u00fdch metr\u016f \u2014 s rezervou dobr\u00e9 hodiny se stihne sjezdovka v\u010das. Ledovcov\u00e1 sezona jede od \u0159\u00edjna do kv\u011btna, s pln\u00fdm provozem v\u010detn\u011b svah\u016f v \u00fadol\u00ed od prosince do b\u0159ezna. Kl\u00ed\u010dov\u00e1 \u010d\u00edsla: 3 029 metr\u016f, nejv\u00fd\u0161e polo\u017een\u00e1 lanovkov\u00e1 stanice v Salcbursku; 768 a\u017e 3 029 metr\u016f z obce na ledovec; 3 hory \u2014 ledovec, Maiskogel, Schmittenh\u00f6he; 6 lanovek z Kaprunu nahoru na ledovec. Upozorn\u011bn\u00ed: ve 3 000 metrech b\u00fdv\u00e1 zhruba o 15 stup\u0148\u016f chladn\u011bji ne\u017e v \u00fadol\u00ed, slunce na ledovci je intenzivn\u00ed, p\u0159esn\u00e9 term\u00edny sezony z\u00e1vis\u00ed na sn\u011bhu a po\u010das\u00ed, a od prosince jsou v provozu i svahy v \u00fadol\u00ed.\" decoding=\"async\" data-pin-nopin=\"true\" loading=\"lazy\" srcset=\"https:\/\/zellamseekaprun.at\/wp-content\/uploads\/2026\/09\/infografik-glacier-skiing-kitzsteinhorn-cs-hero-768x1152.png 768w, https:\/\/zellamseekaprun.at\/wp-content\/uploads\/2026\/09\/infografik-glacier-skiing-kitzsteinhorn-cs-hero-200x300.png 200w, https:\/\/zellamseekaprun.at\/wp-content\/uploads\/2026\/09\/infografik-glacier-skiing-kitzsteinhorn-cs-hero-683x1024.png 683w, https:\/\/zellamseekaprun.at\/wp-content\/uploads\/2026\/09\/infografik-glacier-skiing-kitzsteinhorn-cs-hero.png 1000w\" sizes=\"(max-width: 768px) 100vw, 768px\" \/><\/span><span class=\"zsk-iggrid__t\">Ly\u017eov\u00e1n\u00ed na ledovci v Rakousku: sn\u011bhov\u00e1 jistota na Kitzsteinhornu<\/span><span class=\"zsk-iggrid__dl\">Ke sta\u017een\u00ed na konci<\/span><\/a><\/div>\n","protected":false},"excerpt":{"rendered":"<p>Ka\u017ed\u00e1 infografika shrnuje jednoho z na\u0161ich podrobn\u00fdch pr\u016fvodc\u016f do jedin\u00e9ho pohledu \u2014 na ulo\u017een\u00ed, sd\u00edlen\u00ed a s sebou na cesty.<\/p>\n","protected":false},"author":1,"featured_media":0,"parent":0,"menu_order":0,"comment_status":"closed","ping_status":"closed","template":"","meta":{"_zsk_hscroll":false,"footnotes":""},"class_list":["post-42810","page","type-page","status-publish","hentry"],"_links":{"self":[{"href":"https:\/\/zellamseekaprun.at\/cs\/wp-json\/wp\/v2\/pages\/42810","targetHints":{"allow":["GET"]}}],"collection":[{"href":"https:\/\/zellamseekaprun.at\/cs\/wp-json\/wp\/v2\/pages"}],"about":[{"href":"https:\/\/zellamseekaprun.at\/cs\/wp-json\/wp\/v2\/types\/page"}],"author":[{"embeddable":true,"href":"https:\/\/zellamseekaprun.at\/cs\/wp-json\/wp\/v2\/users\/1"}],"replies":[{"embeddable":true,"href":"https:\/\/zellamseekaprun.at\/cs\/wp-json\/wp\/v2\/comments?post=42810"}],"version-history":[{"count":0,"href":"https:\/\/zellamseekaprun.at\/cs\/wp-json\/wp\/v2\/pages\/42810\/revisions"}],"wp:attachment":[{"href":"https:\/\/zellamseekaprun.at\/cs\/wp-json\/wp\/v2\/media?parent=42810"}],"curies":[{"name":"wp","href":"https:\/\/api.w.org\/{rel}","templated":true}]}}